{"id":3,"date":"2020-10-27T16:59:42","date_gmt":"2020-10-27T16:59:42","guid":{"rendered":"https:\/\/logistikaz.com\/home\/?page_id=3"},"modified":"2025-04-01T17:34:06","modified_gmt":"2025-04-01T17:34:06","slug":"privacy-policy","status":"publish","type":"page","link":"https:\/\/logistikaz.com\/home\/privacy-policy\/","title":{"rendered":"Aviso de Privacidad"},"content":{"rendered":"\n\n\n\n\n<h2>AVISO DE PRIVACIDAD<\/h2>\nLogistikaz Seguridad privada S.A. de C.V. <p><br>\nFecha de creaci\u00f3n May 31, 2019 5:12 PM \/ Folio: 508866142\n{\u00abvisual\u00bb:false,\u00bblegacy\u00bb:false}\n{\u00abvisual\u00bb:false,\u00bblegacy\u00bb:false}\n\n<p>\nEste Aviso describe la forma en que recabamos y usamos los datos personales que usted nos brinda, uso que ser\u00e1 el necesario, adecuado y relevante en relaci\u00f3n con las finalidades determinadas previstas en este documento.\n<\/p><p>\n\nTambi\u00e9n describe qu\u00e9 tipo de datos son y qu\u00e9 opciones tiene para limitar el uso de dichos datos, as\u00ed como el procedimiento para ejercer sus derechos ARCO, en cumplimiento a los principios de Licitud, Consentimiento, Calidad, Informaci\u00f3n, Finalidad, Lealtad, Proporcionalidad y Responsabilidad que la ley establece.<\/p><p><br><\/p>\n<p>\n<strong>1)\tResponsable de la protecci\u00f3n de sus datos personales <\/strong>\n <\/p><p><br>\nLogistikaz Seguridad Privada SA de CV (Logistikaz), con domicilio en Calle Massenet 143, Col. Peralvillo, Alc. Cuauht\u00e9moc, C.P. 06220, Ciudad de M\u00e9xico es responsable del tratamiento (uso) de sus Datos Personales. <\/p><p><br><\/p>\n<strong>\n2)\tNuestro Departamento de Protecci\u00f3n de Datos<\/strong>\n<p><br>\nJefe o \u00c1rea: Departamento de Protecci\u00f3n de Datos Personales\nDomicilio: Calle Massenet 143, Col. Peralvillo, Alc. Cuauht\u00e9moc, C.P. 06220, Ciudad de M\u00e9xico\n<\/p><p><br>\nCorreo electr\u00f3nico: <\/p><p><br><strong>privacidad@logistikaz.com <\/strong>\n<\/p><p><br>\nTel\u00e9fono: 5515434152 \n<\/p><p><br>\n<strong>\n3)\t\u00bfPara qu\u00e9 fines recabamos y utilizamos sus datos personales? <\/strong>\n<\/p><p><br>\nSus datos personales ser\u00e1n utilizados para las siguientes finalidades:  <\/p><p><br>\n\n\u2022\tProveer los productos solicitados.<\/p><p>\n\u2022\tProveer los servicios solicitados y\/o contratados. <\/p><p>\n\u2022\tResponder a sus requerimientos de informaci\u00f3n, atenci\u00f3n y servicio. Evaluar la calidad del servicio que le brindamos. <\/p><p>\n\u2022\tArchivo de registros y expediente de la relaci\u00f3n contractual para seguimiento de servicios futuros. <\/p><p>\n\u2022\tGesti\u00f3n financiera, facturaci\u00f3n y cobro. <\/p><p>\n\u2022\tDar cumplimiento a las obligaciones y compromisos que hemos contra\u00eddo con usted. <\/p><p><br><\/p>\n<strong>\n4)\t\u00bfQu\u00e9 datos personales obtenemos y de d\u00f3nde? <\/strong>\n<p><br>\n\nPara las finalidades se\u00f1aladas anteriormente podemos recabar sus datos personales de distintas formas: <\/p><p><br>\n&#8211;\tCuando visita nuestro sitio de Internet o utiliza nuestros servicios en l\u00ednea.<\/p><p>\n&#8211;\tPor tel\u00e9fono o fax. <\/p><p>\n&#8211;\tCuando usted nos los proporciona personalmente. <\/p><p>\n&#8211;\tCuando obtenemos informaci\u00f3n a trav\u00e9s de otras fuentes de acceso p\u00fablico que est\u00e1n permitidas por la ley (Directorios telef\u00f3nicos o laborales, sitios web, etc). \n<\/p><p><br><\/p>\n<strong>Datos personales que recabamos<\/strong>\n <p><br>\n\u2022\tInformaci\u00f3n de contacto (Nombre, Email, Direcci\u00f3n, Tel\u00e9fono, Celular, Fax) <\/p><p>\n\u2022\tDocumentaci\u00f3n de identidad (Credencial de Elector, Pasaporte, Licencia de Manejo, Cartilla o C\u00e9dula Profesional) <\/p><p>\n\u2022\tInformaci\u00f3n financiera y medios de pago (Tarjeta de cr\u00e9dito, d\u00e9bito, cheques) <\/p><p>\n\u2022\tInformaci\u00f3n Fiscal (RFC, Direcci\u00f3n de Facturaci\u00f3n) <\/p><p>\n\u2022\tDatos socioecon\u00f3micos (Edad, Sexo, Nivel de ingresos, Escolaridad) <\/p><p>\n\u2022\tSituaci\u00f3n patrimonial (Ingresos, Bienes inmuebles, inversiones u otro tipo de cuentas de banco) <\/p><p>\n\u2022\tN\u00famero de Seguridad Social (NSS) y\/o CURP <\/p><p>\n\u2022\tHistoria acad\u00e9mica (certificados escolares, constancias, estudios realizados) <\/p><p>\n\u2022\tBeneficiarios y dependientes econ\u00f3micos <\/p><p>\n\u2022\tInformaci\u00f3n familiar (C\u00f3nyuge, hijos, nietos) <\/p><p>\n\u2022\tReferencias personales (Informaci\u00f3n de personas no familiares) <\/p><p>\n\u2022\tInformaci\u00f3n laboral (Empresa, Puesto, Actividad Desarrollada, CV) <\/p><p> \n\u2022\tH\u00e1bitos, Deportes, Pasatiempos y Aficiones <\/p><p><br><\/p>\n<strong>\nUso de cookies, web beacons y JavaScript <\/strong>\n<p><br>\nUna cookie es informaci\u00f3n que un sitio web almacena en su computadora mediante el uso de un navegador o explorador de internet. Una cookie permite que los sitios web registren sus actividades de navegaci\u00f3n en internet como, por ejemplo, cu\u00e1les son las p\u00e1ginas y contenidos que estuvo mirando, cu\u00e1ndo los visit\u00f3, qu\u00e9 busc\u00f3, y si usted hizo clic sobre alg\u00fan recurso. Los datos recolectados por las cookies se pueden combinar para crear un perfil de sus actividades en internet. <\/p><p><br>\n\nLas web beacons en conjunto con los JavaScripts de m\u00e9tricas web permiten almacenar informaci\u00f3n sobre los patrones de uso de nuestro sitio web. Le informamos que utilizamos esas herramientas para obtener informaci\u00f3n estad\u00edstica como la siguiente: <\/p><p><br>\n\nTipo de navegador y sistema operativo, las p\u00e1ginas de Internet consultadas, origen de la visita, la direcci\u00f3n IP de acceso, tiempo de permanencia en nuestro sitio, entre otros datos estad\u00edsticos. <\/p><p><br>\nLas cookies, el JavaScript y otras tecnolog\u00edas de seguimiento y rastreo pueden ser deshabilitadas, sin embargo, desactivarlas puede generar que el sitio web o algunas de sus funcionalidades no se desempe\u00f1en adecuadamente. <\/p><p><br>\n\nPara revisar las configuraciones y en su caso deshabilitarlas, use la pesta\u00f1a \u2018Ayuda\u2019 (Help), o busque en \u2018Herramientas\u2019 (Tools) la configuraci\u00f3n de \u2018Opciones\u2019 (Options) o \u2018Privacidad\u2019 (Privacy) de su navegador. Desde all\u00ed, puede eliminar las cookies, o controlar en qu\u00e9 caso usted permite instalarlas. Hay algunos navegadores que permiten instalar herramientas software complementarias (add-on software tools) para bloquear, eliminar o controlar las cookies. Y generalmente, los programas de seguridad incluyen opciones para facilitar el control de las cookies. <\/p><p><br>\n<strong>\n5)\t\u00bfC\u00f3mo Acceder, Rectificar, \u00bfCancelar u Oponerse al uso y tratamiento de sus datos personales (Derechos ARCO)? <\/strong>\n<\/p><p><br>\n\nUsted tiene derecho constitucional de Acceder y conocer los datos personales que poseemos y a los detalles del tratamiento y uso de los mismos, as\u00ed como a Rectificarlos y corregirlos en caso de ser inexactos o incompletos; Cancelarlos y eliminarlos cuando considere que no se requieren para alguna de las finalidades se\u00f1alados en el presente aviso de privacidad, o que est\u00e9n siendo utilizados para finalidades no autorizadas por usted o haya finalizado la relaci\u00f3n jur\u00eddica o de servicio, o bien, Oponerse al  tratamiento  de  los  mismos  para  fines espec\u00edficos. <\/p><p><br>\n\n\n\nLos mecanismos implementados para el ejercicio de sus Derechos ARCO, as\u00ed como los plazos, informaci\u00f3n y documentaci\u00f3n que debe contener su solicitud se especifican en el apartado de Derechos del Titular (10) localizado en este mismo documento. <\/p><p><br>\n<strong>\n6)\t\u00bfC\u00f3mo puede limitar el uso o divulgaci\u00f3n de sus datos personales? <\/strong>\n<\/p><p><br>\n\nSi usted no desea recibir mensajes de nuestra parte que no sean indispensables para cumplir las finalidades se\u00f1aladas, los mecanismos implementados para ello, as\u00ed como los plazos, informaci\u00f3n y documentaci\u00f3n que debe contener su solicitud se especifican en el apartado de Derechos del Titular (10) localizado en este mismo documento. <\/p><p><br>\n<strong>\n7)\t\u00bfC\u00f3mo revocar el consentimiento para el tratamiento de sus datos personales? <\/strong>\n<\/p><p><br>\n\nSi usted desea revocar el consentimiento que nos otorg\u00f3 para el uso de sus datos personales, los mecanismos implementados para ello, as\u00ed como los plazos, informaci\u00f3n y documentaci\u00f3n que debe contener su solicitud se especifican en el apartado de Derechos del Titular (10) localizado en este mismo documento. <\/p><p><br>\n<strong>\n8)\tTransferencia de datos personales <\/strong>\n<\/p><p><br>\n\nA continuaci\u00f3n, le informamos de las transferencias sobre las cuales usted puede manifestar su negativa para que sean realizadas. <\/p><p><br>\n\nSu informaci\u00f3n puede ser compartida con BANORTE SANTANDER, BANAMEX, con las siguientes finalidades:  <\/p><p><br>\n\n\u2022\tA solicitud del Banco quien, en ocasiones por el monto y naturaleza de las operaciones, solicita verificar que nuestras operaciones son licitas y no estamos lavando dinero. <\/p><p><br>\n\nSi usted desea manifestar su negativa para que sus datos personales sean transferidos en los t\u00e9rminos de este Aviso de Privacidad, el mecanismo implementado para ello se especifica en el apartado de Derechos del Titular. (10) localizado en este mismo documento. <\/p><p><br>\n\nSi no manifiesta su negativa, entendemos que ha otorgado su consentimiento para efectuar las transferencias se\u00f1aladas. Sin perjuicio de lo anterior, le informamos que quedan a salvo sus derechos de revocaci\u00f3n del consentimiento u oposici\u00f3n. <\/p><p><br>\n\nA continuaci\u00f3n, le comunicamos que las siguientes transferencias no requieren de su consentimiento, pero la ley exige que le sean informadas. <\/p><p><br>\n\nEn este sentido sus datos personales podr\u00e1n ser compartidos a: <\/p><p><br>\n\n&#8211;\tEntidades del sector p\u00fablico, para dar cumplimiento a la legislaci\u00f3n vigente, as\u00ed como a la relaci\u00f3n jur\u00eddica con el Titular. <\/p><p><br>\n\n&#8211;\tEntidades p\u00fablicas dedicadas a la prestaci\u00f3n de diagn\u00f3stico m\u00e9dico, prestaci\u00f3n de asistencia sanitaria, tratamiento m\u00e9dico o gesti\u00f3n de servicios sanitarios (Hospitales, m\u00e9dicos, laboratorios), para llevar a cabo todas las gestiones necesarias en caso de emergencia m\u00e9dica. <\/p><p><br>\n<strong>\n9)\tModificaciones al aviso de privacidad <\/strong>\n<\/p><p><br>\n\nNos reservamos el derecho de efectuar en cualquier momento modificaciones al presente Aviso de Privacidad, para la atenci\u00f3n de novedades legislativas, pol\u00edticas internas o nuevos requerimientos para cumplir con las finalidades previstas. Estas modificaciones estar\u00e1n disponibles a los Titulares en la direcci\u00f3n web: <a href=\"https:\/\/logistikaz.com\/home\/privacy-policy\/\">www.logistikaz.com <\/a> \n<\/p><p><br>\n<strong>\n10)\tDerechos del Titular <\/strong>\n<\/p><p><br>\n\nLogistikaz Seguridad Privada SA de CV ha implementado el siguiente Formato Universal de Ejercicio de Derechos del Titular respecto de sus Datos Personales. <\/p><p><br>\n\nInstrucciones: <\/p><p><br>\n\n1.\tDescargue aqu\u00ed el Formato Universal (PDF) <a href=\"https:\/\/logistikaz.com\/home\/wp-content\/uploads\/2023\/07\/Formato_universal.pdf\" download=\"Formato_universal.pdf\">Descargar archivo<\/a><\/p><p>\n2.\tLea atentamente los requisitos e indicaciones que se describen en el formato. <\/p><p>\n3.\tEnv\u00ede la solicitud al correo electr\u00f3nico: privacidad@logistikaz.com <\/p><p>\n4.\tConfirme la recepci\u00f3n de su solicitud al tel\u00e9fono: 5515434152<\/p><p><br>\n<strong>\n11)\t\u00bfAnte qui\u00e9n puede presentar sus quejas o denuncias por el tratamiento indebido de sus datos personales? <\/strong>\n<\/p><p><br>\n\nSi despu\u00e9s de haber ejercido sus Derechos de Protecci\u00f3n  de Datos ante Logistikaz Seguridad Privada SA de CV por medio de los mecanismos establecidos en este Aviso de Privacidad, considera que su derecho de protecci\u00f3n de datos personales ha sido lesionado por alguna conducta u omisi\u00f3n de nuestra parte; o cuenta con evidencia de que en el tratamiento de sus datos personales existe alguna violaci\u00f3n a las disposiciones previstas en la LFPDPPP, le invitamos a ponerse en contacto nuevamente con nosotros para agotar todos los procedimientos internos a efecto de satisfacer plenamente su solicitud. De no ser el caso, usted podr\u00e1 interponer la queja correspondiente ante el INAI.<\/p><p>Para mayor informaci\u00f3n visite: <\/p><p> <a href=\"https:\/\/home.inai.org.mx\">www.inai.org.mx <\/a> \/b&gt;\n<\/p><p><br> El presente AVISO DE PRIVACIDAD se modific\u00f3 por \u00faltima ocasi\u00f3n el 28 de marzo de 2025.<\/p>\n\n\n\n\n\n\n","protected":false},"excerpt":{"rendered":"","protected":false},"author":1,"featured_media":0,"parent":0,"menu_order":0,"comment_status":"closed","ping_status":"closed","template":"","meta":{"pagelayer_contact_templates":[],"_pagelayer_content":"","_joinchat":[],"footnotes":""},"class_list":["post-3","page","type-page","status-publish","hentry"],"yoast_head":"<!-- This site is optimized with the Yoast SEO plugin v26.8 - https:\/\/yoast.com\/product\/yoast-seo-wordpress\/ -->\n<title>Aviso de Privacidad - Logistikaz<\/title>\n<meta name=\"robots\" content=\"index, follow, max-snippet:-1, max-image-preview:large, max-video-preview:-1\" \/>\n<link rel=\"canonical\" href=\"https:\/\/logistikaz.com\/home\/privacy-policy\/\" \/>\n<meta property=\"og:locale\" content=\"es_ES\" \/>\n<meta property=\"og:type\" content=\"article\" \/>\n<meta property=\"og:title\" content=\"Aviso de Privacidad - Logistikaz\" \/>\n<meta property=\"og:url\" content=\"https:\/\/logistikaz.com\/home\/privacy-policy\/\" \/>\n<meta property=\"og:site_name\" content=\"Logistikaz\" \/>\n<meta property=\"article:publisher\" content=\"https:\/\/www.facebook.com\/logistikaz\/\" \/>\n<meta property=\"article:modified_time\" content=\"2025-04-01T17:34:06+00:00\" \/>\n<meta name=\"twitter:card\" content=\"summary_large_image\" \/>\n<meta name=\"twitter:site\" content=\"@logistikaz\" \/>\n<meta name=\"twitter:label1\" content=\"Tiempo de lectura\" \/>\n\t<meta name=\"twitter:data1\" content=\"10 minutos\" \/>\n<script type=\"application\/ld+json\" class=\"yoast-schema-graph\">{\"@context\":\"https:\/\/schema.org\",\"@graph\":[{\"@type\":\"WebPage\",\"@id\":\"https:\/\/logistikaz.com\/home\/privacy-policy\/\",\"url\":\"https:\/\/logistikaz.com\/home\/privacy-policy\/\",\"name\":\"Aviso de Privacidad - Logistikaz\",\"isPartOf\":{\"@id\":\"https:\/\/logistikaz.com\/home\/#website\"},\"datePublished\":\"2020-10-27T16:59:42+00:00\",\"dateModified\":\"2025-04-01T17:34:06+00:00\",\"breadcrumb\":{\"@id\":\"https:\/\/logistikaz.com\/home\/privacy-policy\/#breadcrumb\"},\"inLanguage\":\"es\",\"potentialAction\":[{\"@type\":\"ReadAction\",\"target\":[\"https:\/\/logistikaz.com\/home\/privacy-policy\/\"]}]},{\"@type\":\"BreadcrumbList\",\"@id\":\"https:\/\/logistikaz.com\/home\/privacy-policy\/#breadcrumb\",\"itemListElement\":[{\"@type\":\"ListItem\",\"position\":1,\"name\":\"Portada\",\"item\":\"https:\/\/logistikaz.com\/home\/\"},{\"@type\":\"ListItem\",\"position\":2,\"name\":\"Aviso de Privacidad\"}]},{\"@type\":\"WebSite\",\"@id\":\"https:\/\/logistikaz.com\/home\/#website\",\"url\":\"https:\/\/logistikaz.com\/home\/\",\"name\":\"Logistikaz\",\"description\":\"P&aacute;gina Oficial de Logistikaz\",\"publisher\":{\"@id\":\"https:\/\/logistikaz.com\/home\/#organization\"},\"potentialAction\":[{\"@type\":\"SearchAction\",\"target\":{\"@type\":\"EntryPoint\",\"urlTemplate\":\"https:\/\/logistikaz.com\/home\/?s={search_term_string}\"},\"query-input\":{\"@type\":\"PropertyValueSpecification\",\"valueRequired\":true,\"valueName\":\"search_term_string\"}}],\"inLanguage\":\"es\"},{\"@type\":\"Organization\",\"@id\":\"https:\/\/logistikaz.com\/home\/#organization\",\"name\":\"Logistikaz Traslado de valores\",\"url\":\"https:\/\/logistikaz.com\/home\/\",\"logo\":{\"@type\":\"ImageObject\",\"inLanguage\":\"es\",\"@id\":\"https:\/\/logistikaz.com\/home\/#\/schema\/logo\/image\/\",\"url\":\"https:\/\/ml5chp4esles.i.optimole.com\/cb:vVLf~49e10\/w:auto\/h:auto\/q:mauto\/f:best\/ig:avif\/https:\/\/logistikaz.com\/home\/wp-content\/uploads\/2020\/10\/logo-LOGISTIKAZ-panton.png\",\"contentUrl\":\"https:\/\/ml5chp4esles.i.optimole.com\/cb:vVLf~49e10\/w:auto\/h:auto\/q:mauto\/f:best\/ig:avif\/https:\/\/logistikaz.com\/home\/wp-content\/uploads\/2020\/10\/logo-LOGISTIKAZ-panton.png\",\"width\":2513,\"height\":1937,\"caption\":\"Logistikaz Traslado de valores\"},\"image\":{\"@id\":\"https:\/\/logistikaz.com\/home\/#\/schema\/logo\/image\/\"},\"sameAs\":[\"https:\/\/www.facebook.com\/logistikaz\/\",\"https:\/\/x.com\/logistikaz\",\"https:\/\/www.instagram.com\/logistikaz\/\",\"https:\/\/www.linkedin.com\/company\/logistikaz\"]}]}<\/script>\n<!-- \/ Yoast SEO plugin. -->","yoast_head_json":{"title":"Aviso de Privacidad - Logistikaz","robots":{"index":"index","follow":"follow","max-snippet":"max-snippet:-1","max-image-preview":"max-image-preview:large","max-video-preview":"max-video-preview:-1"},"canonical":"https:\/\/logistikaz.com\/home\/privacy-policy\/","og_locale":"es_ES","og_type":"article","og_title":"Aviso de Privacidad - Logistikaz","og_url":"https:\/\/logistikaz.com\/home\/privacy-policy\/","og_site_name":"Logistikaz","article_publisher":"https:\/\/www.facebook.com\/logistikaz\/","article_modified_time":"2025-04-01T17:34:06+00:00","twitter_card":"summary_large_image","twitter_site":"@logistikaz","twitter_misc":{"Tiempo de lectura":"10 minutos"},"schema":{"@context":"https:\/\/schema.org","@graph":[{"@type":"WebPage","@id":"https:\/\/logistikaz.com\/home\/privacy-policy\/","url":"https:\/\/logistikaz.com\/home\/privacy-policy\/","name":"Aviso de Privacidad - Logistikaz","isPartOf":{"@id":"https:\/\/logistikaz.com\/home\/#website"},"datePublished":"2020-10-27T16:59:42+00:00","dateModified":"2025-04-01T17:34:06+00:00","breadcrumb":{"@id":"https:\/\/logistikaz.com\/home\/privacy-policy\/#breadcrumb"},"inLanguage":"es","potentialAction":[{"@type":"ReadAction","target":["https:\/\/logistikaz.com\/home\/privacy-policy\/"]}]},{"@type":"BreadcrumbList","@id":"https:\/\/logistikaz.com\/home\/privacy-policy\/#breadcrumb","itemListElement":[{"@type":"ListItem","position":1,"name":"Portada","item":"https:\/\/logistikaz.com\/home\/"},{"@type":"ListItem","position":2,"name":"Aviso de Privacidad"}]},{"@type":"WebSite","@id":"https:\/\/logistikaz.com\/home\/#website","url":"https:\/\/logistikaz.com\/home\/","name":"Logistikaz","description":"P&aacute;gina Oficial de Logistikaz","publisher":{"@id":"https:\/\/logistikaz.com\/home\/#organization"},"potentialAction":[{"@type":"SearchAction","target":{"@type":"EntryPoint","urlTemplate":"https:\/\/logistikaz.com\/home\/?s={search_term_string}"},"query-input":{"@type":"PropertyValueSpecification","valueRequired":true,"valueName":"search_term_string"}}],"inLanguage":"es"},{"@type":"Organization","@id":"https:\/\/logistikaz.com\/home\/#organization","name":"Logistikaz Traslado de valores","url":"https:\/\/logistikaz.com\/home\/","logo":{"@type":"ImageObject","inLanguage":"es","@id":"https:\/\/logistikaz.com\/home\/#\/schema\/logo\/image\/","url":"https:\/\/ml5chp4esles.i.optimole.com\/cb:vVLf~49e10\/w:auto\/h:auto\/q:mauto\/f:best\/ig:avif\/https:\/\/logistikaz.com\/home\/wp-content\/uploads\/2020\/10\/logo-LOGISTIKAZ-panton.png","contentUrl":"https:\/\/ml5chp4esles.i.optimole.com\/cb:vVLf~49e10\/w:auto\/h:auto\/q:mauto\/f:best\/ig:avif\/https:\/\/logistikaz.com\/home\/wp-content\/uploads\/2020\/10\/logo-LOGISTIKAZ-panton.png","width":2513,"height":1937,"caption":"Logistikaz Traslado de valores"},"image":{"@id":"https:\/\/logistikaz.com\/home\/#\/schema\/logo\/image\/"},"sameAs":["https:\/\/www.facebook.com\/logistikaz\/","https:\/\/x.com\/logistikaz","https:\/\/www.instagram.com\/logistikaz\/","https:\/\/www.linkedin.com\/company\/logistikaz"]}]}},"_links":{"self":[{"href":"https:\/\/logistikaz.com\/home\/wp-json\/wp\/v2\/pages\/3","targetHints":{"allow":["GET"]}}],"collection":[{"href":"https:\/\/logistikaz.com\/home\/wp-json\/wp\/v2\/pages"}],"about":[{"href":"https:\/\/logistikaz.com\/home\/wp-json\/wp\/v2\/types\/page"}],"author":[{"embeddable":true,"href":"https:\/\/logistikaz.com\/home\/wp-json\/wp\/v2\/users\/1"}],"replies":[{"embeddable":true,"href":"https:\/\/logistikaz.com\/home\/wp-json\/wp\/v2\/comments?post=3"}],"version-history":[{"count":31,"href":"https:\/\/logistikaz.com\/home\/wp-json\/wp\/v2\/pages\/3\/revisions"}],"predecessor-version":[{"id":1517,"href":"https:\/\/logistikaz.com\/home\/wp-json\/wp\/v2\/pages\/3\/revisions\/1517"}],"wp:attachment":[{"href":"https:\/\/logistikaz.com\/home\/wp-json\/wp\/v2\/media?parent=3"}],"curies":[{"name":"wp","href":"https:\/\/api.w.org\/{rel}","templated":true}]}}